{"version":"1.0","provider_name":"Ateliers d&#039;Artistes de Belleville","provider_url":"https:\/\/ateliers-artistes-belleville.fr\/en","author_name":"Pierre-Olivier Clerc","author_url":"https:\/\/ateliers-artistes-belleville.fr\/en\/author\/poclercvox-architecture-urbanisme-com\/","title":"Pierre-Olivier Clerc | Collage, Peinture, Dessin | Ateliers d&#039;Artistes de Belleville","type":"rich","width":600,"height":338,"html":"<blockquote class=\"wp-embedded-content\" data-secret=\"eeDWqTrksK\"><a href=\"https:\/\/ateliers-artistes-belleville.fr\/en\/artiste\/pierre-clerc\/\">Pierre-Olivier Clerc<\/a><\/blockquote><iframe sandbox=\"allow-scripts\" security=\"restricted\" src=\"https:\/\/ateliers-artistes-belleville.fr\/en\/artiste\/pierre-clerc\/embed\/#?secret=eeDWqTrksK\" width=\"600\" height=\"338\" title=\"&#8220;Pierre-Olivier Clerc&#8221; &#8212; Ateliers d&#039;Artistes de Belleville\" data-secret=\"eeDWqTrksK\" frameborder=\"0\" marginwidth=\"0\" marginheight=\"0\" scrolling=\"no\" class=\"wp-embedded-content\"><\/iframe><script type=\"text\/javascript\">\n\/* <![CDATA[ *\/\n\/*! This file is auto-generated *\/\n!function(d,l){\"use strict\";l.querySelector&&d.addEventListener&&\"undefined\"!=typeof URL&&(d.wp=d.wp||{},d.wp.receiveEmbedMessage||(d.wp.receiveEmbedMessage=function(e){var t=e.data;if((t||t.secret||t.message||t.value)&&!\/[^a-zA-Z0-9]\/.test(t.secret)){for(var s,r,n,a=l.querySelectorAll('iframe[data-secret=\"'+t.secret+'\"]'),o=l.querySelectorAll('blockquote[data-secret=\"'+t.secret+'\"]'),c=new RegExp(\"^https?:$\",\"i\"),i=0;i<o.length;i++)o[i].style.display=\"none\";for(i=0;i<a.length;i++)s=a[i],e.source===s.contentWindow&&(s.removeAttribute(\"style\"),\"height\"===t.message?(1e3<(r=parseInt(t.value,10))?r=1e3:~~r<200&&(r=200),s.height=r):\"link\"===t.message&&(r=new URL(s.getAttribute(\"src\")),n=new URL(t.value),c.test(n.protocol))&&n.host===r.host&&l.activeElement===s&&(d.top.location.href=t.value))}},d.addEventListener(\"message\",d.wp.receiveEmbedMessage,!1),l.addEventListener(\"DOMContentLoaded\",function(){for(var e,t,s=l.querySelectorAll(\"iframe.wp-embedded-content\"),r=0;r<s.length;r++)(t=(e=s[r]).getAttribute(\"data-secret\"))||(t=Math.random().toString(36).substring(2,12),e.src+=\"#?secret=\"+t,e.setAttribute(\"data-secret\",t)),e.contentWindow.postMessage({message:\"ready\",secret:t},\"*\")},!1)))}(window,document);\n\/* ]]> *\/\n<\/script>\n","thumbnail_url":"https:\/\/ateliers-artistes-belleville.fr\/wp-content\/uploads\/2025\/lhomme-rat-cafe-sur-papier-30x21cm-2025-scaled.jpg","thumbnail_width":1822,"thumbnail_height":2560,"description":"Pierre-Olivier Clerc, n\u00e9 en 1968, s'est form\u00e9 aux Sciences humaines avant de devenir, sur le tard, architecte DPLG et urbaniste. Parall\u00e8lement \u00e0 ce parcours professionnel, Pierre-Olivier Clerc pratique le dessin et la peinture sans discontinuer depuis son adolescence. Il exp\u00e9rimente tr\u00e8s t\u00f4t puis perfectionne l'usage du caf\u00e9 dans ses productions, qui vont du dessin au trait de petit format jusqu'\u00e0 de grandes planches color\u00e9es de technique mixte. Ses th\u00e8mes de pr\u00e9dilection sont le corps humain, la ville et la cartographie, et enfin un bestiaire fantastique peupl\u00e9 de monstres rarement m\u00e9chants. Derni\u00e8rement, l'activit\u00e9 s'est d\u00e9velopp\u00e9e autour de classifications semi-grotesques qui d\u00e9tournent une certaine rationalit\u00e9 scientifique vers un absurde l\u00e9ger. Une importance toute particuli\u00e8re est donn\u00e9e au titre de chaque dessin ou tableau - titre qui donne un \u00e9clairage singulier, parfois contradictoire, sur la mati\u00e8re pr\u00e9sent\u00e9e. Se revendiquant plus artisan qu'artiste, Pierre-Olivier Clerc se veut d\u00e9cal\u00e9, un brin moqueur, maniant la d\u00e9rision et le contre-pied. Un aspect est s\u00e9rieux cependant : la recherche de la belle mati\u00e8re, vivante, sans cesse travaill\u00e9e, offerte par la p\u00e2te de caf\u00e9 soigneusement et longuement \u00e9labor\u00e9e."}