{"version":"1.0","provider_name":"Ateliers d&#039;Artistes de Belleville","provider_url":"https:\/\/ateliers-artistes-belleville.fr\/en","author_name":"Emmanuel Benito","author_url":"https:\/\/ateliers-artistes-belleville.fr\/en\/author\/eb-linearthotmail-com\/","title":"Emmanuel Benito | Sculpture, C\u00e9ramique, Dessin, Autre discipline | Ateliers d&#039;Artistes de Belleville","type":"rich","width":600,"height":338,"html":"<blockquote class=\"wp-embedded-content\" data-secret=\"u5jpJKRSYD\"><a href=\"https:\/\/ateliers-artistes-belleville.fr\/en\/artiste\/emmanuel-benito\/\">Emmanuel Benito<\/a><\/blockquote><iframe sandbox=\"allow-scripts\" security=\"restricted\" src=\"https:\/\/ateliers-artistes-belleville.fr\/en\/artiste\/emmanuel-benito\/embed\/#?secret=u5jpJKRSYD\" width=\"600\" height=\"338\" title=\"&#8220;Emmanuel Benito&#8221; &#8212; Ateliers d&#039;Artistes de Belleville\" data-secret=\"u5jpJKRSYD\" frameborder=\"0\" marginwidth=\"0\" marginheight=\"0\" scrolling=\"no\" class=\"wp-embedded-content\"><\/iframe><script type=\"text\/javascript\">\n\/* <![CDATA[ *\/\n\/*! This file is auto-generated *\/\n!function(d,l){\"use strict\";l.querySelector&&d.addEventListener&&\"undefined\"!=typeof URL&&(d.wp=d.wp||{},d.wp.receiveEmbedMessage||(d.wp.receiveEmbedMessage=function(e){var t=e.data;if((t||t.secret||t.message||t.value)&&!\/[^a-zA-Z0-9]\/.test(t.secret)){for(var s,r,n,a=l.querySelectorAll('iframe[data-secret=\"'+t.secret+'\"]'),o=l.querySelectorAll('blockquote[data-secret=\"'+t.secret+'\"]'),c=new RegExp(\"^https?:$\",\"i\"),i=0;i<o.length;i++)o[i].style.display=\"none\";for(i=0;i<a.length;i++)s=a[i],e.source===s.contentWindow&&(s.removeAttribute(\"style\"),\"height\"===t.message?(1e3<(r=parseInt(t.value,10))?r=1e3:~~r<200&&(r=200),s.height=r):\"link\"===t.message&&(r=new URL(s.getAttribute(\"src\")),n=new URL(t.value),c.test(n.protocol))&&n.host===r.host&&l.activeElement===s&&(d.top.location.href=t.value))}},d.addEventListener(\"message\",d.wp.receiveEmbedMessage,!1),l.addEventListener(\"DOMContentLoaded\",function(){for(var e,t,s=l.querySelectorAll(\"iframe.wp-embedded-content\"),r=0;r<s.length;r++)(t=(e=s[r]).getAttribute(\"data-secret\"))||(t=Math.random().toString(36).substring(2,12),e.src+=\"#?secret=\"+t,e.setAttribute(\"data-secret\",t)),e.contentWindow.postMessage({message:\"ready\",secret:t},\"*\")},!1)))}(window,document);\n\/* ]]> *\/\n<\/script>\n","thumbnail_url":"https:\/\/ateliers-artistes-belleville.fr\/wp-content\/uploads\/eb-linearthotmail-com\/2024\/000-profil-2.jpg","thumbnail_width":2362,"thumbnail_height":2362,"description":"N\u00e9 \u00e0 Paris, o\u00f9 il vit et travaille aujourd\u2019hui \u00e0 Belleville, son travail s\u2019inscrit dans une d\u00e9marche de recherche \u00e0 la crois\u00e9e de plusieurs pratiques artistiques. Attach\u00e9 \u00e0 la terre, au papier, \u00e0 l\u2019encre, mais aussi \u00e0 la musique et aux formes d\u2019ondes, il explore les correspondances entre mati\u00e8re, ligne et son. \u00a0 C\u00e9ramique, dessin et radio constituent les axes de cette recherche : jeux de textures, trac\u00e9s sensibles et modelage sonore s\u2019y r\u00e9pondent et se nourrissent mutuellement. \u00c0 travers ces m\u00e9diums, il d\u00e9veloppe des formes narratives et construit des espaces o\u00f9 les histoires prennent corps. &nbsp; Son travail int\u00e8gre le regard ext\u00e9rieur, cherchant \u00e0 instaurer un dialogue avec le visiteur : ses personnages mis en sc\u00e8ne aiment \u00e0 \u00eatre regard\u00e9s ou entendus. \u00a0 Toucher, ressentir, \u00e9couter."}